{"id":117,"date":"2015-11-25T11:28:48","date_gmt":"2015-11-25T10:28:48","guid":{"rendered":"http:\/\/foastek.fr\/?page_id=117"},"modified":"2022-09-06T14:59:47","modified_gmt":"2022-09-06T13:59:47","slug":"accords-dentreprise-astek","status":"publish","type":"page","link":"https:\/\/foastek.fr\/?page_id=117","title":{"rendered":""},"content":{"rendered":"<h1><span style=\"color: #ff0000;\">[ASTEK] Accords (depuis l&rsquo;arriv\u00e9e de FO en 2014)<br \/>\n<\/span><\/h1>\n\n<table id=\"tablepress-3\" class=\"tablepress tablepress-id-3\">\n<thead>\n<tr class=\"row-1\">\n\t<th class=\"column-1\">Th\u00e8me<\/th><th class=\"column-2\">Ann\u00e9e<\/th><th class=\"column-3\">P\u00e9rim\u00e8tre<\/th><th class=\"column-4\">Document<\/th>\n<\/tr>\n<\/thead>\n<tbody class=\"row-striping row-hover\">\n<tr class=\"row-2\">\n\t<td class=\"column-1\">Avenant Accord Mobilit\u00e9 Durable<br \/>\n<\/td><td class=\"column-2\">2024<\/td><td class=\"column-3\">UES (groupe) Astek<\/td><td class=\"column-4\"><a href=\"http:\/\/foastek.fr\/wp-content\/uploads\/2025\/03\/20241218_Avenant_Accord_Mobilite_Durable_Anonymise.pdf\">Accord 18 D\u00e9cembre 2024<\/a><\/td>\n<\/tr>\n<tr class=\"row-3\">\n\t<td class=\"column-1\">Extension Compte Epargne Temps<\/td><td class=\"column-2\">2024<\/td><td class=\"column-3\">UES (groupe) Astek<\/td><td class=\"column-4\"><a href=\"http:\/\/foastek.fr\/wp-content\/uploads\/2024\/07\/20240617-Extension-Accord-CET-Anonymise.pdf\">Accord 17 Juin 2024<\/a><\/td>\n<\/tr>\n<tr class=\"row-4\">\n\t<td class=\"column-1\">Extension Mobilit\u00e9 Durable<\/td><td class=\"column-2\">2024<\/td><td class=\"column-3\">UES (groupe) Astek<\/td><td class=\"column-4\"><a href=\"http:\/\/foastek.fr\/wp-content\/uploads\/2024\/07\/20240617-Extension-Accord-Mobilite-Durable-Anonymise.pdf\">Accord 17 Juin 2024<\/a><\/td>\n<\/tr>\n<tr class=\"row-5\">\n\t<td class=\"column-1\">Extension Droit d\u00e9connexion<\/td><td class=\"column-2\">2024<\/td><td class=\"column-3\">UES (groupe) Astek<\/td><td class=\"column-4\"><a href=\"http:\/\/foastek.fr\/wp-content\/uploads\/2024\/07\/20240617-Extension-Accord-Droit-Deconnexion-Anonymise.pdf\">Accord 17 Juin 2024<\/a><\/td>\n<\/tr>\n<tr class=\"row-6\">\n\t<td class=\"column-1\">Extension Participation aux b\u00e9n\u00e9fices<\/td><td class=\"column-2\">2024<\/td><td class=\"column-3\">UES (groupe) Astek<\/td><td class=\"column-4\"><a href=\"http:\/\/foastek.fr\/wp-content\/uploads\/2024\/07\/20240617-Extension-Accord-Participation-Anonymise.pdf\">Accord 17 Juin 2024<\/a><\/td>\n<\/tr>\n<tr class=\"row-7\">\n\t<td class=\"column-1\">Fonctionnement CSE et Syndicats<br \/>\n(NON SIGNE PAR FO)<\/td><td class=\"column-2\">2024<\/td><td class=\"column-3\">UES (groupe) Astek<\/td><td class=\"column-4\"><a href=\"http:\/\/foastek.fr\/wp-content\/uploads\/2024\/07\/20240321-Accord-Fonctionnement-CSE-et-OS-Anonymise.pdf\">Accord 21 mars 2024<\/a><\/td>\n<\/tr>\n<tr class=\"row-8\">\n\t<td class=\"column-1\">Handicap<\/td><td class=\"column-2\">2024<\/td><td class=\"column-3\">UES (groupe) Astek<\/td><td class=\"column-4\"><a href=\"http:\/\/foastek.fr\/wp-content\/uploads\/2024\/06\/20240315_Accord_Handicap_Anonymise.pdf\">Accord 15 Mars 2024<\/a><\/td>\n<\/tr>\n<tr class=\"row-9\">\n\t<td class=\"column-1\">Protocole \u00e9lections professionnelles<\/td><td class=\"column-2\">2023<\/td><td class=\"column-3\">UES (groupe) Astek<\/td><td class=\"column-4\"><a href=\"http:\/\/foastek.fr\/wp-content\/uploads\/2023\/07\/20230706_Accord_ProtocoleElectoral_Anonymise.pdf\">Accord 6 Juillet 2023<\/a><\/td>\n<\/tr>\n<tr class=\"row-10\">\n\t<td class=\"column-1\">Vote \u00e9lectronique<\/td><td class=\"column-2\">2023<\/td><td class=\"column-3\">UES (groupe) Astek<\/td><td class=\"column-4\"><a href=\"http:\/\/foastek.fr\/wp-content\/uploads\/2023\/07\/20230621_Accord_Vote_Electronique_Anonymise.pdf\">Accord 21 Juin 2023<\/a><\/td>\n<\/tr>\n<tr class=\"row-11\">\n\t<td class=\"column-1\">Prorogation des mandats CSE<\/td><td class=\"column-2\">2023<\/td><td class=\"column-3\">UES (groupe) Astek<\/td><td class=\"column-4\"><a href=\"http:\/\/foastek.fr\/wp-content\/uploads\/2023\/05\/20230524_Accord_Prorogation-des-mandats-CSE_Anonymise.pdf\">Accord 24 Mai 2023<\/a><\/td>\n<\/tr>\n<tr class=\"row-12\">\n\t<td class=\"column-1\">Nombre d'\u00e9tablissement et repr\u00e9sentants de proximit\u00e9<\/td><td class=\"column-2\">2023<\/td><td class=\"column-3\">UES (groupe) Astek<\/td><td class=\"column-4\"><a href=\"http:\/\/foastek.fr\/wp-content\/uploads\/2023\/05\/20230511_Accord_Nombre-detablissement-et-representants-de-proximite_Anonymise.pdf\">Accord 11 Mai 2023<\/a><\/td>\n<\/tr>\n<tr class=\"row-13\">\n\t<td class=\"column-1\">P\u00e9rim\u00e8tre UES (groupe) Astek<\/td><td class=\"column-2\">2023<\/td><td class=\"column-3\">UES (groupe) Astek<\/td><td class=\"column-4\"><a href=\"http:\/\/foastek.fr\/wp-content\/uploads\/2023\/05\/20230511_Avenant_Perimetre-de-lUES-groupe-astek_Anonymise.pdf\">Accord 11 Mai 2023<\/a><\/td>\n<\/tr>\n<tr class=\"row-14\">\n\t<td class=\"column-1\">IMD (indemnisation de la mobilit\u00e9 durable)<\/td><td class=\"column-2\">2021<\/td><td class=\"column-3\">UES (groupe) Astek<\/td><td class=\"column-4\"><a href=\"http:\/\/foastek.fr\/wp-content\/uploads\/2021\/05\/20210517_Accord_UES_IMD_Anonymise.pdf\">Accord 17 Mai 2021<\/a><\/td>\n<\/tr>\n<tr class=\"row-15\">\n\t<td class=\"column-1\">Droit \u00e0 la d\u00e9connexion<\/td><td class=\"column-2\">2020<\/td><td class=\"column-3\">UES (groupe) Astek<\/td><td class=\"column-4\"><a href=\"http:\/\/foastek.fr\/wp-content\/uploads\/2020\/02\/20200130_Accord_Droit_Deconnexion_Anonymise.pdf\">Accord 30 Janv. 2020<\/a><\/td>\n<\/tr>\n<tr class=\"row-16\">\n\t<td class=\"column-1\">T\u00e9l\u00e9travail<\/td><td class=\"column-2\">2019<\/td><td class=\"column-3\">UES (groupe) Astek<\/td><td class=\"column-4\"><a href=\"http:\/\/foastek.fr\/wp-content\/uploads\/2019\/04\/Accord_Teletravail_20190328_Anonymise.pdf\">Accord 28 Mars 2019<\/a><\/td>\n<\/tr>\n<tr class=\"row-17\">\n\t<td class=\"column-1\">NAO Salaires<\/td><td class=\"column-2\">2018<\/td><td class=\"column-3\">UES (groupe) Astek<\/td><td class=\"column-4\"><a href=\"http:\/\/foastek.fr\/wp-content\/uploads\/2018\/07\/20180719_Accord_NAOSalaires_Anonymise.pdf\">Accord 19 juillet 2018<\/a><\/td>\n<\/tr>\n<tr class=\"row-18\">\n\t<td class=\"column-1\">Participation aux b\u00e9n\u00e9fices<\/td><td class=\"column-2\">2017<\/td><td class=\"column-3\">UES (groupe) Astek<\/td><td class=\"column-4\"><a href=\"http:\/\/foastek.fr\/wp-content\/uploads\/2019\/11\/20171214_Accord_UES_PARTICIPATION_Anonymise.pdf\">Accord 14 D\u00e9c. 2017<\/a><\/td>\n<\/tr>\n<tr class=\"row-19\">\n\t<td class=\"column-1\">IK V\u00e9lo (remplac\u00e9 par l'accord IMD)<\/td><td class=\"column-2\">2017<\/td><td class=\"column-3\">UES (groupe) Astek<\/td><td class=\"column-4\"><a href=\"http:\/\/foastek.fr\/wp-content\/uploads\/2018\/01\/Accord_IKVelo_Anonymise.pdf\">Accord 4 Sept. 2017<\/a><\/td>\n<\/tr>\n<tr class=\"row-20\">\n\t<td class=\"column-1\">NAO Salaires<\/td><td class=\"column-2\">2016<\/td><td class=\"column-3\">UES (groupe) Astek<\/td><td class=\"column-4\"><a href=\"http:\/\/foastek.fr\/wp-content\/uploads\/2018\/07\/NAO-Remuneration_2016_Accord_20160825_Sign\u00e9.pdf\">Accord 25 ao\u00fbt  2016<\/a><\/td>\n<\/tr>\n<tr class=\"row-21\">\n\t<td class=\"column-1\">Droit syndical - Avenant (D\u00e9nonc\u00e9 par l'entreprise)<\/td><td class=\"column-2\">2014<\/td><td class=\"column-3\">UES (groupe) Astek<\/td><td class=\"column-4\"><a href=\"http:\/\/foastek.fr\/wp-content\/uploads\/2017\/02\/Accord_DroitSyndical_Avenant1_20141114_Anonymise.pdf\">Accord 14 Nov 2014<\/a><\/td>\n<\/tr>\n<tr class=\"row-22\">\n\t<td class=\"column-1\">Fonctionnement IRP (D\u00e9nonc\u00e9 par l'entreprise)<\/td><td class=\"column-2\">2014<\/td><td class=\"column-3\">UES (groupe) Astek<\/td><td class=\"column-4\"><a href=\"http:\/\/foastek.fr\/wp-content\/uploads\/2017\/02\/Accord_FonctionnementIRP_20141114_Anonymise.pdf\">Accord 14 Nov 2014<\/a><\/td>\n<\/tr>\n<\/tbody>\n<\/table>\n<!-- #tablepress-3 from cache -->\n<h1><span style=\"color: #ff0000;\">[ASTEK] Accords et d\u00e9cisions (ant\u00e9rieurs \u00e0 2014)<\/span><\/h1>\n\n<table id=\"tablepress-10\" class=\"tablepress tablepress-id-10\">\n<thead>\n<tr class=\"row-1\">\n\t<th class=\"column-1\">Th\u00e8me<\/th><th class=\"column-2\">Ann\u00e9e<\/th><th class=\"column-3\">P\u00e9rim\u00e8tre<\/th><th class=\"column-4\">Document<\/th>\n<\/tr>\n<\/thead>\n<tbody class=\"row-striping row-hover\">\n<tr class=\"row-2\">\n\t<td class=\"column-1\">Astreintes (D\u00e9cision unilat\u00e9rale)<\/td><td class=\"column-2\">2013<\/td><td class=\"column-3\">UES (groupe) Astek<\/td><td class=\"column-4\"><a href=\"http:\/\/foastek.fr\/wp-content\/uploads\/2017\/02\/Desaccord_Astreintes_20130603_Anonymise.pdf\">D\u00e9cisions 3 Juin 2013<\/a><\/td>\n<\/tr>\n<tr class=\"row-3\">\n\t<td class=\"column-1\">Droit syndical (D\u00e9nonc\u00e9 par l'entreprise)<\/td><td class=\"column-2\">2012<\/td><td class=\"column-3\">UES (groupe) Astek<\/td><td class=\"column-4\"><a href=\"http:\/\/foastek.fr\/wp-content\/uploads\/2017\/02\/Accord_DroitSyndical_20121114_Anonymise.pdf\">Accord 14 Nov 2012<\/a><\/td>\n<\/tr>\n<tr class=\"row-4\">\n\t<td class=\"column-1\">Compte \u00e9pargne temps (CET)<\/td><td class=\"column-2\">2011<\/td><td class=\"column-3\">UES (groupe) Astek<\/td><td class=\"column-4\"><a href=\"http:\/\/foastek.fr\/wp-content\/uploads\/2017\/02\/Accord_CompteEpargneTemps_2011031803_Anonymise.pdf\">Accord 18 Mars 2011<\/a><\/td>\n<\/tr>\n<tr class=\"row-5\">\n\t<td class=\"column-1\">S\u00e9niors (D\u00e9nonc\u00e9 par l'entreprise)<\/td><td class=\"column-2\">2010<\/td><td class=\"column-3\">UES (groupe) Astek<\/td><td class=\"column-4\"><a href=\"http:\/\/foastek.fr\/wp-content\/uploads\/2017\/02\/Accord_Seniors_20100128_Anonymise.pdf\">Accord 28 Janv 2010<\/a><\/td>\n<\/tr>\n<tr class=\"row-6\">\n\t<td class=\"column-1\">Travail de nuit<\/td><td class=\"column-2\">2008<\/td><td class=\"column-3\">UES (groupe) Astek<\/td><td class=\"column-4\"><a href=\"http:\/\/foastek.fr\/wp-content\/uploads\/2017\/02\/Accord_TravailDeNuit_20080430_Anonymise.pdf\">Accord 30 Avr 2008<\/a><\/td>\n<\/tr>\n<\/tbody>\n<\/table>\n<!-- #tablepress-10 from cache -->\n<h1><span style=\"color: #ff0000;\">Accords de branche BETIC ou national interprofessionnel<\/span><\/h1>\n\n<table id=\"tablepress-8\" class=\"tablepress tablepress-id-8\">\n<thead>\n<tr class=\"row-1\">\n\t<th class=\"column-1\">Th\u00e8me<\/th><th class=\"column-2\">Ann\u00e9e<\/th><th class=\"column-3\">P\u00e9rim\u00e8tre<\/th><th class=\"column-4\">Document<\/th>\n<\/tr>\n<\/thead>\n<tbody class=\"row-striping row-hover\">\n<tr class=\"row-2\">\n\t<td class=\"column-1\">Egalit\u00e9 professionnelle<\/td><td class=\"column-2\">2014<\/td><td class=\"column-3\">Tous les entreprises de la branche BETIC<\/td><td class=\"column-4\"><a href=\"http:\/\/foastek.fr\/wp-content\/uploads\/2015\/11\/egalite_prof_branche_20141027.pdf\">Accord 27 oct 2014<\/a><\/td>\n<\/tr>\n<tr class=\"row-3\">\n\t<td class=\"column-1\">Activit\u00e9 partielle<\/td><td class=\"column-2\">2013<\/td><td class=\"column-3\">Tous les entreprises de la branche BETIC<\/td><td class=\"column-4\"><a href=\"http:\/\/foastek.fr\/wp-content\/uploads\/2020\/03\/20131016_Accord_Branche_Activite_Partielle.pdf\">Accord 16 Octobre 2013<\/a><\/td>\n<\/tr>\n<tr class=\"row-4\">\n\t<td class=\"column-1\">Harc\u00e8lement et violence au travail<\/td><td class=\"column-2\">2010<\/td><td class=\"column-3\">Accord national interprofessionnel (ANI)<\/td><td class=\"column-4\"><a href=\"http:\/\/foastek.fr\/wp-content\/uploads\/2017\/05\/ANI_sur_le_harc\u00e8lement_et_la_violence_au_travail_20100326.pdf\">Accord 3 Mars 2010<\/a><\/td>\n<\/tr>\n<tr class=\"row-5\">\n\t<td class=\"column-1\">Stress au travail<\/td><td class=\"column-2\">2008<\/td><td class=\"column-3\">Accord national interprofessionnel (ANI)<\/td><td class=\"column-4\"><a href=\"http:\/\/foastek.fr\/wp-content\/uploads\/2017\/05\/ANI_sur_le_stress_au_travail_20080702.pdf\">Accord 2 Juil 2008<\/a><\/td>\n<\/tr>\n<tr class=\"row-6\">\n\t<td class=\"column-1\">T\u00e9l\u00e9travail<\/td><td class=\"column-2\">2005<\/td><td class=\"column-3\">Accord national interprofessionnel (ANI)<\/td><td class=\"column-4\"><a href=\"http:\/\/foastek.fr\/wp-content\/uploads\/2015\/11\/teletravail_accordinterprofessionnel_20050719.pdf\">Accord 19 Juil 2005<\/a><\/td>\n<\/tr>\n<\/tbody>\n<\/table>\n<!-- #tablepress-8 from cache -->\n","protected":false},"excerpt":{"rendered":"<div class=\"mh-excerpt\"><p>[ASTEK] Accords (depuis l&rsquo;arriv\u00e9e de FO en 2014) [ASTEK] Accords et d\u00e9cisions (ant\u00e9rieurs \u00e0 2014) Accords de branche BETIC ou national interprofessionnel<\/p>\n<\/div>","protected":false},"author":1,"featured_media":0,"parent":0,"menu_order":0,"comment_status":"closed","ping_status":"closed","template":"","meta":{"h5ap_radio_sources":[],"jetpack_post_was_ever_published":false,"footnotes":""},"class_list":["post-117","page","type-page","status-publish","hentry"],"jetpack_sharing_enabled":true,"jetpack_shortlink":"https:\/\/wp.me\/P77E1E-1T","jetpack-related-posts":[],"_links":{"self":[{"href":"https:\/\/foastek.fr\/index.php?rest_route=\/wp\/v2\/pages\/117","targetHints":{"allow":["GET"]}}],"collection":[{"href":"https:\/\/foastek.fr\/index.php?rest_route=\/wp\/v2\/pages"}],"about":[{"href":"https:\/\/foastek.fr\/index.php?rest_route=\/wp\/v2\/types\/page"}],"author":[{"embeddable":true,"href":"https:\/\/foastek.fr\/index.php?rest_route=\/wp\/v2\/users\/1"}],"replies":[{"embeddable":true,"href":"https:\/\/foastek.fr\/index.php?rest_route=%2Fwp%2Fv2%2Fcomments&post=117"}],"version-history":[{"count":21,"href":"https:\/\/foastek.fr\/index.php?rest_route=\/wp\/v2\/pages\/117\/revisions"}],"predecessor-version":[{"id":3585,"href":"https:\/\/foastek.fr\/index.php?rest_route=\/wp\/v2\/pages\/117\/revisions\/3585"}],"wp:attachment":[{"href":"https:\/\/foastek.fr\/index.php?rest_route=%2Fwp%2Fv2%2Fmedia&parent=117"}],"curies":[{"name":"wp","href":"https:\/\/api.w.org\/{rel}","templated":true}]}}